{"id":3049,"date":"2021-02-04T17:46:23","date_gmt":"2021-02-04T17:46:23","guid":{"rendered":"https:\/\/www.ahortadesanroque.com\/?page_id=3049"},"modified":"2024-08-14T11:43:00","modified_gmt":"2024-08-14T11:43:00","slug":"sobre-nosotros","status":"publish","type":"page","link":"https:\/\/www.ahortadesanroque.com\/es\/sobre-nosotros\/","title":{"rendered":"Sobre Nosotros"},"content":{"rendered":"\t\t<div data-elementor-type=\"wp-post\" data-elementor-id=\"3049\" class=\"elementor elementor-3049\" data-elementor-post-type=\"page\">\n\t\t\t\t\t\t<section class=\"elementor-section elementor-top-section elementor-element elementor-element-eba3b6b elementor-section-full_width elementor-section-height-default elementor-section-height-default\" data-id=\"eba3b6b\" data-element_type=\"section\" data-e-type=\"section\">\n\t\t\t\t\t\t<div class=\"elementor-container elementor-column-gap-default\">\n\t\t\t\t\t<div class=\"elementor-column elementor-col-100 elementor-top-column elementor-element elementor-element-c7b6679\" data-id=\"c7b6679\" data-element_type=\"column\" data-e-type=\"column\">\n\t\t\t<div class=\"elementor-widget-wrap elementor-element-populated\">\n\t\t\t\t\t\t<div class=\"elementor-element elementor-element-b51b1a0 elementor-widget elementor-widget-ova_heading\" data-id=\"b51b1a0\" data-element_type=\"widget\" data-e-type=\"widget\" data-widget_type=\"ova_heading.default\">\n\t\t\t\t<div class=\"elementor-widget-container\">\n\t\t\t\t\t\t\t\t\t<section class=\"breadcrumb-menu-v2 breadcrumb-section section-box\" style=\"background-image: url(https:\/\/www.ahortadesanroque.com\/wp-content\/uploads\/2020\/11\/entrada.png)\">\n\t\t\t\t<div class=\"container\">\n\t\t\t\t\t<div class=\"breadcrumb-inner\">\n\t\t\t\t\t\t\t\t\t\t\t\t\t<h1>Sobre Nosotros<\/h1>\n\t\t\t\t\t\t\t\t\t\t\t\t\t\t\t\t\t\t\t<span class=\"breadcrumbs-text\">Conoce nuestra historia y nuestra cocina<\/span>\n\t\t\t\t\t\t\t\t\t\t\t<\/div>\t\n\t\t\t\t<\/div>\n\t\t\t<\/section>\n\t\t\t\t\t\t\t<\/div>\n\t\t\t\t<\/div>\n\t\t\t\t\t<\/div>\n\t\t<\/div>\n\t\t\t\t\t<\/div>\n\t\t<\/section>\n\t\t\t\t<section class=\"elementor-section elementor-top-section elementor-element elementor-element-c29dafc elementor-section-boxed elementor-section-height-default elementor-section-height-default\" data-id=\"c29dafc\" data-element_type=\"section\" data-e-type=\"section\" data-settings=\"{&quot;background_background&quot;:&quot;classic&quot;}\">\n\t\t\t\t\t\t<div class=\"elementor-container elementor-column-gap-default\">\n\t\t\t\t\t<div class=\"elementor-column elementor-col-100 elementor-top-column elementor-element elementor-element-6927f4e\" data-id=\"6927f4e\" data-element_type=\"column\" data-e-type=\"column\">\n\t\t\t<div class=\"elementor-widget-wrap elementor-element-populated\">\n\t\t\t\t\t\t<div class=\"elementor-element elementor-element-36fa6aa elementor-widget elementor-widget-ova_heading\" data-id=\"36fa6aa\" data-element_type=\"widget\" data-e-type=\"widget\" data-widget_type=\"ova_heading.default\">\n\t\t\t\t<div class=\"elementor-widget-container\">\n\t\t\t\t\t\t\t\t\t\t<div class=\"ova-heading\">\n\t\t\t\t\t\t\t\t\t\t\t\t\t<h3 class=\"special-heading main-color three_font\">Descubre<\/h3>\n\t\t\t\t\t\t\t\t\t\t\t\t\t\t\t\t\t\t\t<h2 class=\"special-heading-1 second_font\">NUESTRO RESTAURANTE EN RIBADEO<\/h2>\n\t\t\t\t\t\t\t\t\t\t\t<\/div>\n\t\t\t\t\t\t\t\t<\/div>\n\t\t\t\t<\/div>\n\t\t\t\t<div class=\"elementor-element elementor-element-4a83fe7 ova-editor-p-not-margin text-center p-reon elementor-widget elementor-widget-text-editor\" data-id=\"4a83fe7\" data-element_type=\"widget\" data-e-type=\"widget\" data-widget_type=\"text-editor.default\">\n\t\t\t\t<div class=\"elementor-widget-container\">\n\t\t\t\t\t\t\t\t\t<p>\u00a1Hola!, bienvenidos a nuestro restaurante, <strong>A Horta de San Roque.<\/strong><\/p><p>\u00a0<\/p><p>Te invitamos a que conozcas nuestra historia, veas nuestras instalaciones y, por supuesto, descubras m\u00e1s sobre nuestros platos.<\/p><p>\u00a0<\/p>\t\t\t\t\t\t\t\t<\/div>\n\t\t\t\t<\/div>\n\t\t\t\t<div class=\"elementor-element elementor-element-8d8bb3a elementor-widget elementor-widget-image\" data-id=\"8d8bb3a\" data-element_type=\"widget\" data-e-type=\"widget\" data-widget_type=\"image.default\">\n\t\t\t\t<div class=\"elementor-widget-container\">\n\t\t\t\t\t\t\t\t\t\t\t\t\t\t\t<img decoding=\"async\" width=\"300\" height=\"90\" src=\"https:\/\/www.ahortadesanroque.com\/wp-content\/uploads\/2018\/12\/logo2-300x90.png\" class=\"attachment-medium size-medium wp-image-2594\" alt=\"Restaurante en Ribadeo - A Horta de San Roque\" srcset=\"https:\/\/www.ahortadesanroque.com\/wp-content\/uploads\/2018\/12\/logo2-300x90.png 300w, https:\/\/www.ahortadesanroque.com\/wp-content\/uploads\/2018\/12\/logo2-1024x308.png 1024w, https:\/\/www.ahortadesanroque.com\/wp-content\/uploads\/2018\/12\/logo2-768x231.png 768w, https:\/\/www.ahortadesanroque.com\/wp-content\/uploads\/2018\/12\/logo2.png 1384w\" sizes=\"(max-width: 300px) 100vw, 300px\" \/>\t\t\t\t\t\t\t\t\t\t\t\t\t\t\t<\/div>\n\t\t\t\t<\/div>\n\t\t\t\t\t<\/div>\n\t\t<\/div>\n\t\t\t\t\t<\/div>\n\t\t<\/section>\n\t\t\t\t<section class=\"elementor-section elementor-top-section elementor-element elementor-element-be924eb elementor-section-boxed elementor-section-height-default elementor-section-height-default\" data-id=\"be924eb\" data-element_type=\"section\" data-e-type=\"section\" data-settings=\"{&quot;background_background&quot;:&quot;classic&quot;}\">\n\t\t\t\t\t\t<div class=\"elementor-container elementor-column-gap-default\">\n\t\t\t\t\t<div class=\"elementor-column elementor-col-50 elementor-top-column elementor-element elementor-element-6be3b99 ova-video-min-height-400\" data-id=\"6be3b99\" data-element_type=\"column\" data-e-type=\"column\">\n\t\t\t<div class=\"elementor-widget-wrap elementor-element-populated\">\n\t\t\t\t\t\t<div class=\"elementor-element elementor-element-4fd9ffa elementor-widget elementor-widget-image\" data-id=\"4fd9ffa\" data-element_type=\"widget\" data-e-type=\"widget\" data-widget_type=\"image.default\">\n\t\t\t\t<div class=\"elementor-widget-container\">\n\t\t\t\t\t\t\t\t\t\t\t\t\t\t\t<img fetchpriority=\"high\" decoding=\"async\" width=\"1024\" height=\"575\" src=\"https:\/\/www.ahortadesanroque.com\/wp-content\/uploads\/2020\/11\/CRS5647-HDR-1024x575.jpg\" class=\"attachment-large size-large wp-image-2742\" alt=\"Restaurante en Ribadeo A Horta de San Roque\" srcset=\"https:\/\/www.ahortadesanroque.com\/wp-content\/uploads\/2020\/11\/CRS5647-HDR-1024x575.jpg 1024w, https:\/\/www.ahortadesanroque.com\/wp-content\/uploads\/2020\/11\/CRS5647-HDR-300x169.jpg 300w, https:\/\/www.ahortadesanroque.com\/wp-content\/uploads\/2020\/11\/CRS5647-HDR-768x431.jpg 768w, https:\/\/www.ahortadesanroque.com\/wp-content\/uploads\/2020\/11\/CRS5647-HDR.jpg 1280w\" sizes=\"(max-width: 1024px) 100vw, 1024px\" \/>\t\t\t\t\t\t\t\t\t\t\t\t\t\t\t<\/div>\n\t\t\t\t<\/div>\n\t\t\t\t\t<\/div>\n\t\t<\/div>\n\t\t\t\t<div class=\"elementor-column elementor-col-50 elementor-top-column elementor-element elementor-element-c56357f\" data-id=\"c56357f\" data-element_type=\"column\" data-e-type=\"column\">\n\t\t\t<div class=\"elementor-widget-wrap elementor-element-populated\">\n\t\t\t\t\t\t<div class=\"elementor-element elementor-element-958a200 elementor-widget elementor-widget-ova_heading\" data-id=\"958a200\" data-element_type=\"widget\" data-e-type=\"widget\" data-widget_type=\"ova_heading.default\">\n\t\t\t\t<div class=\"elementor-widget-container\">\n\t\t\t\t\t\t\t\t\t\t<div class=\"ova-heading\">\n\t\t\t\t\t\t\t\t\t\t\t\t\t\t\t\t\t\t\t<h2 class=\"special-heading-1 second_font\">NUESTRA HISTORIA<\/h2>\n\t\t\t\t\t\t\t\t\t\t\t<\/div>\n\t\t\t\t\t\t\t\t<\/div>\n\t\t\t\t<\/div>\n\t\t\t\t<div class=\"elementor-element elementor-element-5e4a3e1 p-reon elementor-widget elementor-widget-text-editor\" data-id=\"5e4a3e1\" data-element_type=\"widget\" data-e-type=\"widget\" data-widget_type=\"text-editor.default\">\n\t\t\t\t<div class=\"elementor-widget-container\">\n\t\t\t\t\t\t\t\t\t<p>En plena calle San Roque, calle Indiana por excelencia de Ribadeo, a la altura del n\u00famero 44 se encuentra el restaurante A Horta de San Roque.<br \/>Al frente del local est\u00e1 el matrimonio formado por Pamela Mart\u00ednez e Felipe F. Barcia.<\/p><p>Felipe F. Barcia, ligado a la hosteler\u00eda desde los 12 a\u00f1os, y formado en el IES de Foz lleva los mandos en los fogones de A Horta de San Roque, donde junto a su suegra forma un d\u00fao perfecto en la cocina.<\/p><p>Su suegra, Concha, viene de llevar la cocina de dos de los restaurantes con mejor fama de arroz caldoso de marisco de Rinlo, y es la encargada de elaborar dicho manjar, por otra parte, del arroz caldoso con bogavante se encarga Felipe.<\/p>\t\t\t\t\t\t\t\t<\/div>\n\t\t\t\t<\/div>\n\t\t\t\t\t<\/div>\n\t\t<\/div>\n\t\t\t\t\t<\/div>\n\t\t<\/section>\n\t\t\t\t<section class=\"elementor-section elementor-top-section elementor-element elementor-element-c096038 elementor-section-boxed elementor-section-height-default elementor-section-height-default\" data-id=\"c096038\" data-element_type=\"section\" data-e-type=\"section\" data-settings=\"{&quot;background_background&quot;:&quot;classic&quot;}\">\n\t\t\t\t\t\t<div class=\"elementor-container elementor-column-gap-default\">\n\t\t\t\t\t<div class=\"elementor-column elementor-col-100 elementor-top-column elementor-element elementor-element-398faed\" data-id=\"398faed\" data-element_type=\"column\" data-e-type=\"column\">\n\t\t\t<div class=\"elementor-widget-wrap elementor-element-populated\">\n\t\t\t\t\t\t<section class=\"elementor-section elementor-inner-section elementor-element elementor-element-962fafe elementor-section-boxed elementor-section-height-default elementor-section-height-default\" data-id=\"962fafe\" data-element_type=\"section\" data-e-type=\"section\">\n\t\t\t\t\t\t<div class=\"elementor-container elementor-column-gap-default\">\n\t\t\t\t\t<div class=\"elementor-column elementor-col-50 elementor-inner-column elementor-element elementor-element-c778650\" data-id=\"c778650\" data-element_type=\"column\" data-e-type=\"column\">\n\t\t\t<div class=\"elementor-widget-wrap elementor-element-populated\">\n\t\t\t\t\t\t<div class=\"elementor-element elementor-element-6eb6372 elementor-widget elementor-widget-ova_heading\" data-id=\"6eb6372\" data-element_type=\"widget\" data-e-type=\"widget\" data-widget_type=\"ova_heading.default\">\n\t\t\t\t<div class=\"elementor-widget-container\">\n\t\t\t\t\t\t\t\t\t\t<div class=\"ova-heading\">\n\t\t\t\t\t\t\t\t\t\t\t\t\t\t\t\t\t\t\t<h2 class=\"special-heading-1 second_font\">NUESTRA COCINA<\/h2>\n\t\t\t\t\t\t\t\t\t\t\t<\/div>\n\t\t\t\t\t\t\t\t<\/div>\n\t\t\t\t<\/div>\n\t\t\t\t<div class=\"elementor-element elementor-element-9e6e65f elementor-widget elementor-widget-text-editor\" data-id=\"9e6e65f\" data-element_type=\"widget\" data-e-type=\"widget\" data-widget_type=\"text-editor.default\">\n\t\t\t\t<div class=\"elementor-widget-container\">\n\t\t\t\t\t\t\t\t\t<p><span style=\"color: #ffffff;\">La brasa es uno de los puntos fuertes de nuestro restaurante familiar.<\/span><\/p><p><span style=\"color: #ffffff;\">En nuestro restaurante podr\u00e1s degustar desde las mejores carnes aut\u00f3ctonas, as\u00ed como los mejores pescados o mariscos con el inconfundible sabor y aroma que le aporta la brasa. <strong>Todo con el mejor producto de cercan\u00eda de Galicia y Asturias<\/strong>.<\/span><\/p><p><span style=\"color: #ffffff;\">En los postres caseros destaca como buque insignia<em> \u201cO Amieiro do Sacrist\u00e1n\u201d<\/em>, un tiramis\u00fa preparado al instante con el que Felipe quiso rendir un sentido homenaje a sus padres, Pepe <em>\u00abdo Sacrist\u00e1n\u00bb<\/em> (ya fallecido) y Teresa <em>\u00abdo Amieiro\u00bb<\/em>.<\/span><\/p>\t\t\t\t\t\t\t\t<\/div>\n\t\t\t\t<\/div>\n\t\t\t\t\t<\/div>\n\t\t<\/div>\n\t\t\t\t<div class=\"elementor-column elementor-col-50 elementor-inner-column elementor-element elementor-element-a27aa1e\" data-id=\"a27aa1e\" data-element_type=\"column\" data-e-type=\"column\">\n\t\t\t<div class=\"elementor-widget-wrap elementor-element-populated\">\n\t\t\t\t\t\t<div class=\"elementor-element elementor-element-8c19e32 elementor-widget elementor-widget-image\" data-id=\"8c19e32\" data-element_type=\"widget\" data-e-type=\"widget\" data-widget_type=\"image.default\">\n\t\t\t\t<div class=\"elementor-widget-container\">\n\t\t\t\t\t\t\t\t\t\t\t\t\t\t\t<img decoding=\"async\" src=\"https:\/\/www.ahortadesanroque.com\/wp-content\/uploads\/elementor\/thumbs\/121301349_222811035843529_107113739167442946_o-q71iug8av6hnsyoo5qmzruyd588ujgpbohgsuokzcw.jpg\" title=\"\" alt=\"Comer en Ribadeo\" loading=\"lazy\" \/>\t\t\t\t\t\t\t\t\t\t\t\t\t\t\t<\/div>\n\t\t\t\t<\/div>\n\t\t\t\t\t<\/div>\n\t\t<\/div>\n\t\t\t\t\t<\/div>\n\t\t<\/section>\n\t\t\t\t\t<\/div>\n\t\t<\/div>\n\t\t\t\t\t<\/div>\n\t\t<\/section>\n\t\t\t\t<section class=\"elementor-section elementor-top-section elementor-element elementor-element-8059544 elementor-section-boxed elementor-section-height-default elementor-section-height-default\" data-id=\"8059544\" data-element_type=\"section\" data-e-type=\"section\" data-settings=\"{&quot;background_background&quot;:&quot;classic&quot;}\">\n\t\t\t\t\t\t<div class=\"elementor-container elementor-column-gap-no\">\n\t\t\t\t\t<div class=\"elementor-column elementor-col-100 elementor-top-column elementor-element elementor-element-37fed5b\" data-id=\"37fed5b\" data-element_type=\"column\" data-e-type=\"column\" data-settings=\"{&quot;background_background&quot;:&quot;classic&quot;}\">\n\t\t\t<div class=\"elementor-widget-wrap elementor-element-populated\">\n\t\t\t\t\t\t<div class=\"elementor-element elementor-element-1ce1815 elementor-widget elementor-widget-ova_heading\" data-id=\"1ce1815\" data-element_type=\"widget\" data-e-type=\"widget\" data-widget_type=\"ova_heading.default\">\n\t\t\t\t<div class=\"elementor-widget-container\">\n\t\t\t\t\t\t\t\t\t\t<div class=\"ova-heading\">\n\t\t\t\t\t\t\t\t\t\t\t\t\t\t\t\t\t\t\t<h2 class=\"special-heading-1 second_font\">VEN A CONOCERNOS<\/h2>\n\t\t\t\t\t\t\t\t\t\t\t<\/div>\n\t\t\t\t\t\t\t\t<\/div>\n\t\t\t\t<\/div>\n\t\t\t\t<section class=\"elementor-section elementor-inner-section elementor-element elementor-element-88336a3 elementor-section-boxed elementor-section-height-default elementor-section-height-default\" data-id=\"88336a3\" data-element_type=\"section\" data-e-type=\"section\">\n\t\t\t\t\t\t<div class=\"elementor-container elementor-column-gap-default\">\n\t\t\t\t\t<div class=\"elementor-column elementor-col-50 elementor-inner-column elementor-element elementor-element-80db80d\" data-id=\"80db80d\" data-element_type=\"column\" data-e-type=\"column\">\n\t\t\t<div class=\"elementor-widget-wrap elementor-element-populated\">\n\t\t\t\t\t\t<div class=\"elementor-element elementor-element-5a95215 elementor-widget elementor-widget-image\" data-id=\"5a95215\" data-element_type=\"widget\" data-e-type=\"widget\" data-widget_type=\"image.default\">\n\t\t\t\t<div class=\"elementor-widget-container\">\n\t\t\t\t\t\t\t\t\t\t\t\t\t\t\t<img decoding=\"async\" width=\"1024\" height=\"576\" src=\"https:\/\/www.ahortadesanroque.com\/wp-content\/uploads\/2020\/11\/G1P36F1_225748-1024x576.jpg\" class=\"attachment-large size-large wp-image-2745\" alt=\"A Horta de San Roque; con\u00f3cenos\" srcset=\"https:\/\/www.ahortadesanroque.com\/wp-content\/uploads\/2020\/11\/G1P36F1_225748-1024x576.jpg 1024w, https:\/\/www.ahortadesanroque.com\/wp-content\/uploads\/2020\/11\/G1P36F1_225748-300x169.jpg 300w, https:\/\/www.ahortadesanroque.com\/wp-content\/uploads\/2020\/11\/G1P36F1_225748-768x432.jpg 768w, https:\/\/www.ahortadesanroque.com\/wp-content\/uploads\/2020\/11\/G1P36F1_225748.jpg 1280w\" sizes=\"(max-width: 1024px) 100vw, 1024px\" \/>\t\t\t\t\t\t\t\t\t\t\t\t\t\t\t<\/div>\n\t\t\t\t<\/div>\n\t\t\t\t\t<\/div>\n\t\t<\/div>\n\t\t\t\t<div class=\"elementor-column elementor-col-50 elementor-inner-column elementor-element elementor-element-e7403fd\" data-id=\"e7403fd\" data-element_type=\"column\" data-e-type=\"column\">\n\t\t\t<div class=\"elementor-widget-wrap elementor-element-populated\">\n\t\t\t\t\t\t<div class=\"elementor-element elementor-element-1376952 p-reon elementor-widget elementor-widget-text-editor\" data-id=\"1376952\" data-element_type=\"widget\" data-e-type=\"widget\" data-widget_type=\"text-editor.default\">\n\t\t\t\t<div class=\"elementor-widget-container\">\n\t\t\t\t\t\t\t\t\t<p>En sala est\u00e1 Pamela Mart\u00ednez que ser\u00e1 la encargada de aconsejarte y de que te sientas como en tu propia casa.<\/p><p>Podr\u00e1s disfrutar de tu comida o cena en cualquiera de sus comedores independientes como en su amplia terraza interior, donde desde que llega la primavera hasta bien entrado el invierno podr\u00e1s comer o cenar al aire libre bajo la sombra de sus \u00e1rboles del jard\u00edn.<\/p>\t\t\t\t\t\t\t\t<\/div>\n\t\t\t\t<\/div>\n\t\t\t\t\t<\/div>\n\t\t<\/div>\n\t\t\t\t\t<\/div>\n\t\t<\/section>\n\t\t\t\t\t<\/div>\n\t\t<\/div>\n\t\t\t\t\t<\/div>\n\t\t<\/section>\n\t\t\t\t<section class=\"elementor-section elementor-top-section elementor-element elementor-element-6975c06 elementor-section-boxed elementor-section-height-default elementor-section-height-default\" data-id=\"6975c06\" data-element_type=\"section\" data-e-type=\"section\" data-settings=\"{&quot;background_background&quot;:&quot;classic&quot;}\">\n\t\t\t\t\t\t<div class=\"elementor-container elementor-column-gap-no\">\n\t\t\t\t\t<div class=\"elementor-column elementor-col-100 elementor-top-column elementor-element elementor-element-834daa3\" data-id=\"834daa3\" data-element_type=\"column\" data-e-type=\"column\" data-settings=\"{&quot;background_background&quot;:&quot;classic&quot;}\">\n\t\t\t<div class=\"elementor-widget-wrap elementor-element-populated\">\n\t\t\t\t\t\t<section class=\"elementor-section elementor-inner-section elementor-element elementor-element-829eea2 elementor-section-boxed elementor-section-height-default elementor-section-height-default\" data-id=\"829eea2\" data-element_type=\"section\" data-e-type=\"section\">\n\t\t\t\t\t\t<div class=\"elementor-container elementor-column-gap-default\">\n\t\t\t\t\t<div class=\"elementor-column elementor-col-50 elementor-inner-column elementor-element elementor-element-b16a22c\" data-id=\"b16a22c\" data-element_type=\"column\" data-e-type=\"column\">\n\t\t\t<div class=\"elementor-widget-wrap elementor-element-populated\">\n\t\t\t\t\t\t<div class=\"elementor-element elementor-element-8976d19 elementor-widget elementor-widget-image\" data-id=\"8976d19\" data-element_type=\"widget\" data-e-type=\"widget\" data-widget_type=\"image.default\">\n\t\t\t\t<div class=\"elementor-widget-container\">\n\t\t\t\t\t\t\t\t\t\t\t\t\t\t\t<img loading=\"lazy\" decoding=\"async\" width=\"1024\" height=\"682\" src=\"https:\/\/www.ahortadesanroque.com\/wp-content\/uploads\/2020\/11\/CRS5663-1024x682.jpg\" class=\"attachment-large size-large wp-image-2902\" alt=\"Restaurante en Ribadeo A Horta de San Roque\" srcset=\"https:\/\/www.ahortadesanroque.com\/wp-content\/uploads\/2020\/11\/CRS5663-1024x682.jpg 1024w, https:\/\/www.ahortadesanroque.com\/wp-content\/uploads\/2020\/11\/CRS5663-300x200.jpg 300w, https:\/\/www.ahortadesanroque.com\/wp-content\/uploads\/2020\/11\/CRS5663-768x512.jpg 768w, https:\/\/www.ahortadesanroque.com\/wp-content\/uploads\/2020\/11\/CRS5663.jpg 1280w\" sizes=\"(max-width: 1024px) 100vw, 1024px\" \/>\t\t\t\t\t\t\t\t\t\t\t\t\t\t\t<\/div>\n\t\t\t\t<\/div>\n\t\t\t\t\t<\/div>\n\t\t<\/div>\n\t\t\t\t<div class=\"elementor-column elementor-col-50 elementor-inner-column elementor-element elementor-element-f588e7c\" data-id=\"f588e7c\" data-element_type=\"column\" data-e-type=\"column\">\n\t\t\t<div class=\"elementor-widget-wrap elementor-element-populated\">\n\t\t\t\t\t\t<div class=\"elementor-element elementor-element-fdd2ddc p-reon elementor-widget elementor-widget-text-editor\" data-id=\"fdd2ddc\" data-element_type=\"widget\" data-e-type=\"widget\" data-widget_type=\"text-editor.default\">\n\t\t\t\t<div class=\"elementor-widget-container\">\n\t\t\t\t\t\t\t\t\t<p>Tambi\u00e9n queremos agradecer a <strong>Alhambra<\/strong> por su implicaci\u00f3n en la formaci\u00f3n y puesta en marcha del proyecto, as\u00ed como por la confianza y fe ciega depositada en nosotros para que este proyecto crezca y se afiance dentro de la siempre grande e hist\u00f3rica tradici\u00f3n de la hosteler\u00eda ribadense.<\/p>\t\t\t\t\t\t\t\t<\/div>\n\t\t\t\t<\/div>\n\t\t\t\t\t<\/div>\n\t\t<\/div>\n\t\t\t\t\t<\/div>\n\t\t<\/section>\n\t\t\t\t\t<\/div>\n\t\t<\/div>\n\t\t\t\t\t<\/div>\n\t\t<\/section>\n\t\t\t\t<\/div>\n\t\t","protected":false},"excerpt":{"rendered":"<p>Sobre Nosotros Conoce nuestra historia y nuestra cocina Descubre NUESTRO RESTAURANTE EN RIBADEO \u00a1Hola!, bienvenidos a nuestro restaurante, A Horta de San Roque. Te invitamos a que conozcas nuestra historia, veas nuestras instalaciones y, por supuesto, descubras m\u00e1s sobre nuestros platos. NUESTRA HISTORIA En plena calle San Roque, calle Indiana por excelencia de Ribadeo, a [&hellip;]<\/p>\n","protected":false},"author":2,"featured_media":0,"parent":0,"menu_order":0,"comment_status":"closed","ping_status":"closed","template":"elementor_header_footer","meta":{"footnotes":""},"class_list":["post-3049","page","type-page","status-publish","hentry"],"yoast_head":"<!-- This site is optimized with the Yoast SEO plugin v27.4 - https:\/\/yoast.com\/product\/yoast-seo-wordpress\/ -->\n<title>Conoce Nuestra Historia y Nuestra Cocina | A Horta de San Roque<\/title>\n<meta name=\"description\" content=\"En el coraz\u00f3n de la calle San Roque en Ribadeo, A Horta de San Roque combina tradici\u00f3n y calidad con productos locales frescos para ofrecerte una experiencia \u00fanica.\" \/>\n<meta name=\"robots\" content=\"index, follow, max-snippet:-1, max-image-preview:large, max-video-preview:-1\" \/>\n<link rel=\"canonical\" href=\"https:\/\/www.ahortadesanroque.com\/es\/sobre-nosotros\/\" \/>\n<meta property=\"og:locale\" content=\"es_ES\" \/>\n<meta property=\"og:type\" content=\"article\" \/>\n<meta property=\"og:title\" content=\"Conoce Nuestra Historia y Nuestra Cocina | A Horta de San Roque\" \/>\n<meta property=\"og:description\" content=\"En el coraz\u00f3n de la calle San Roque en Ribadeo, A Horta de San Roque combina tradici\u00f3n y calidad con productos locales frescos para ofrecerte una experiencia \u00fanica.\" \/>\n<meta property=\"og:url\" content=\"https:\/\/www.ahortadesanroque.com\/es\/sobre-nosotros\/\" \/>\n<meta property=\"og:site_name\" content=\"A Horta de San Roque\" \/>\n<meta property=\"article:modified_time\" content=\"2024-08-14T11:43:00+00:00\" \/>\n<meta property=\"og:image\" content=\"https:\/\/www.ahortadesanroque.com\/wp-content\/uploads\/2020\/11\/G1P36F1_225748.jpg\" \/>\n\t<meta property=\"og:image:width\" content=\"1280\" \/>\n\t<meta property=\"og:image:height\" content=\"720\" \/>\n\t<meta property=\"og:image:type\" content=\"image\/jpeg\" \/>\n<meta name=\"twitter:card\" content=\"summary_large_image\" \/>\n<meta name=\"twitter:title\" content=\"Conoce Nuestra Historia y Nuestra Cocina | A Horta de San Roque\" \/>\n<meta name=\"twitter:description\" content=\"En el coraz\u00f3n de la calle San Roque en Ribadeo, A Horta de San Roque combina tradici\u00f3n y calidad con productos locales frescos para ofrecerte una experiencia \u00fanica.\" \/>\n<meta name=\"twitter:image\" content=\"https:\/\/www.ahortadesanroque.com\/wp-content\/uploads\/2020\/11\/G1P36F1_225748.jpg\" \/>\n<meta name=\"twitter:label1\" content=\"Tiempo de lectura\" \/>\n\t<meta name=\"twitter:data1\" content=\"3 minutos\" \/>\n<script type=\"application\/ld+json\" class=\"yoast-schema-graph\">{\"@context\":\"https:\\\/\\\/schema.org\",\"@graph\":[{\"@type\":\"WebPage\",\"@id\":\"https:\\\/\\\/www.ahortadesanroque.com\\\/sobre-nosotros\\\/\",\"url\":\"https:\\\/\\\/www.ahortadesanroque.com\\\/sobre-nosotros\\\/\",\"name\":\"Conoce Nuestra Historia y Nuestra Cocina | A Horta de San Roque\",\"isPartOf\":{\"@id\":\"https:\\\/\\\/www.ahortadesanroque.com\\\/es\\\/#website\"},\"primaryImageOfPage\":{\"@id\":\"https:\\\/\\\/www.ahortadesanroque.com\\\/sobre-nosotros\\\/#primaryimage\"},\"image\":{\"@id\":\"https:\\\/\\\/www.ahortadesanroque.com\\\/sobre-nosotros\\\/#primaryimage\"},\"thumbnailUrl\":\"https:\\\/\\\/www.ahortadesanroque.com\\\/wp-content\\\/uploads\\\/2018\\\/12\\\/logo2-300x90.png\",\"datePublished\":\"2021-02-04T17:46:23+00:00\",\"dateModified\":\"2024-08-14T11:43:00+00:00\",\"description\":\"En el coraz\u00f3n de la calle San Roque en Ribadeo, A Horta de San Roque combina tradici\u00f3n y calidad con productos locales frescos para ofrecerte una experiencia \u00fanica.\",\"breadcrumb\":{\"@id\":\"https:\\\/\\\/www.ahortadesanroque.com\\\/sobre-nosotros\\\/#breadcrumb\"},\"inLanguage\":\"es\",\"potentialAction\":[{\"@type\":\"ReadAction\",\"target\":[\"https:\\\/\\\/www.ahortadesanroque.com\\\/sobre-nosotros\\\/\"]}]},{\"@type\":\"ImageObject\",\"inLanguage\":\"es\",\"@id\":\"https:\\\/\\\/www.ahortadesanroque.com\\\/sobre-nosotros\\\/#primaryimage\",\"url\":\"https:\\\/\\\/www.ahortadesanroque.com\\\/wp-content\\\/uploads\\\/2018\\\/12\\\/logo2-300x90.png\",\"contentUrl\":\"https:\\\/\\\/www.ahortadesanroque.com\\\/wp-content\\\/uploads\\\/2018\\\/12\\\/logo2-300x90.png\"},{\"@type\":\"BreadcrumbList\",\"@id\":\"https:\\\/\\\/www.ahortadesanroque.com\\\/sobre-nosotros\\\/#breadcrumb\",\"itemListElement\":[{\"@type\":\"ListItem\",\"position\":1,\"name\":\"Portada\",\"item\":\"https:\\\/\\\/www.ahortadesanroque.com\\\/\"},{\"@type\":\"ListItem\",\"position\":2,\"name\":\"Sobre Nosotros\"}]},{\"@type\":\"WebSite\",\"@id\":\"https:\\\/\\\/www.ahortadesanroque.com\\\/es\\\/#website\",\"url\":\"https:\\\/\\\/www.ahortadesanroque.com\\\/es\\\/\",\"name\":\"A Horta de San Roque\",\"description\":\"\",\"potentialAction\":[{\"@type\":\"SearchAction\",\"target\":{\"@type\":\"EntryPoint\",\"urlTemplate\":\"https:\\\/\\\/www.ahortadesanroque.com\\\/es\\\/?s={search_term_string}\"},\"query-input\":{\"@type\":\"PropertyValueSpecification\",\"valueRequired\":true,\"valueName\":\"search_term_string\"}}],\"inLanguage\":\"es\"}]}<\/script>\n<!-- \/ Yoast SEO plugin. -->","yoast_head_json":{"title":"Conoce Nuestra Historia y Nuestra Cocina | A Horta de San Roque","description":"En el coraz\u00f3n de la calle San Roque en Ribadeo, A Horta de San Roque combina tradici\u00f3n y calidad con productos locales frescos para ofrecerte una experiencia \u00fanica.","robots":{"index":"index","follow":"follow","max-snippet":"max-snippet:-1","max-image-preview":"max-image-preview:large","max-video-preview":"max-video-preview:-1"},"canonical":"https:\/\/www.ahortadesanroque.com\/es\/sobre-nosotros\/","og_locale":"es_ES","og_type":"article","og_title":"Conoce Nuestra Historia y Nuestra Cocina | A Horta de San Roque","og_description":"En el coraz\u00f3n de la calle San Roque en Ribadeo, A Horta de San Roque combina tradici\u00f3n y calidad con productos locales frescos para ofrecerte una experiencia \u00fanica.","og_url":"https:\/\/www.ahortadesanroque.com\/es\/sobre-nosotros\/","og_site_name":"A Horta de San Roque","article_modified_time":"2024-08-14T11:43:00+00:00","og_image":[{"width":1280,"height":720,"url":"https:\/\/www.ahortadesanroque.com\/wp-content\/uploads\/2020\/11\/G1P36F1_225748.jpg","type":"image\/jpeg"}],"twitter_card":"summary_large_image","twitter_title":"Conoce Nuestra Historia y Nuestra Cocina | A Horta de San Roque","twitter_description":"En el coraz\u00f3n de la calle San Roque en Ribadeo, A Horta de San Roque combina tradici\u00f3n y calidad con productos locales frescos para ofrecerte una experiencia \u00fanica.","twitter_image":"https:\/\/www.ahortadesanroque.com\/wp-content\/uploads\/2020\/11\/G1P36F1_225748.jpg","twitter_misc":{"Tiempo de lectura":"3 minutos"},"schema":{"@context":"https:\/\/schema.org","@graph":[{"@type":"WebPage","@id":"https:\/\/www.ahortadesanroque.com\/sobre-nosotros\/","url":"https:\/\/www.ahortadesanroque.com\/sobre-nosotros\/","name":"Conoce Nuestra Historia y Nuestra Cocina | A Horta de San Roque","isPartOf":{"@id":"https:\/\/www.ahortadesanroque.com\/es\/#website"},"primaryImageOfPage":{"@id":"https:\/\/www.ahortadesanroque.com\/sobre-nosotros\/#primaryimage"},"image":{"@id":"https:\/\/www.ahortadesanroque.com\/sobre-nosotros\/#primaryimage"},"thumbnailUrl":"https:\/\/www.ahortadesanroque.com\/wp-content\/uploads\/2018\/12\/logo2-300x90.png","datePublished":"2021-02-04T17:46:23+00:00","dateModified":"2024-08-14T11:43:00+00:00","description":"En el coraz\u00f3n de la calle San Roque en Ribadeo, A Horta de San Roque combina tradici\u00f3n y calidad con productos locales frescos para ofrecerte una experiencia \u00fanica.","breadcrumb":{"@id":"https:\/\/www.ahortadesanroque.com\/sobre-nosotros\/#breadcrumb"},"inLanguage":"es","potentialAction":[{"@type":"ReadAction","target":["https:\/\/www.ahortadesanroque.com\/sobre-nosotros\/"]}]},{"@type":"ImageObject","inLanguage":"es","@id":"https:\/\/www.ahortadesanroque.com\/sobre-nosotros\/#primaryimage","url":"https:\/\/www.ahortadesanroque.com\/wp-content\/uploads\/2018\/12\/logo2-300x90.png","contentUrl":"https:\/\/www.ahortadesanroque.com\/wp-content\/uploads\/2018\/12\/logo2-300x90.png"},{"@type":"BreadcrumbList","@id":"https:\/\/www.ahortadesanroque.com\/sobre-nosotros\/#breadcrumb","itemListElement":[{"@type":"ListItem","position":1,"name":"Portada","item":"https:\/\/www.ahortadesanroque.com\/"},{"@type":"ListItem","position":2,"name":"Sobre Nosotros"}]},{"@type":"WebSite","@id":"https:\/\/www.ahortadesanroque.com\/es\/#website","url":"https:\/\/www.ahortadesanroque.com\/es\/","name":"A Horta de San Roque","description":"","potentialAction":[{"@type":"SearchAction","target":{"@type":"EntryPoint","urlTemplate":"https:\/\/www.ahortadesanroque.com\/es\/?s={search_term_string}"},"query-input":{"@type":"PropertyValueSpecification","valueRequired":true,"valueName":"search_term_string"}}],"inLanguage":"es"}]}},"jetpack_sharing_enabled":true,"_links":{"self":[{"href":"https:\/\/www.ahortadesanroque.com\/es\/wp-json\/wp\/v2\/pages\/3049","targetHints":{"allow":["GET"]}}],"collection":[{"href":"https:\/\/www.ahortadesanroque.com\/es\/wp-json\/wp\/v2\/pages"}],"about":[{"href":"https:\/\/www.ahortadesanroque.com\/es\/wp-json\/wp\/v2\/types\/page"}],"author":[{"embeddable":true,"href":"https:\/\/www.ahortadesanroque.com\/es\/wp-json\/wp\/v2\/users\/2"}],"replies":[{"embeddable":true,"href":"https:\/\/www.ahortadesanroque.com\/es\/wp-json\/wp\/v2\/comments?post=3049"}],"version-history":[{"count":39,"href":"https:\/\/www.ahortadesanroque.com\/es\/wp-json\/wp\/v2\/pages\/3049\/revisions"}],"predecessor-version":[{"id":3796,"href":"https:\/\/www.ahortadesanroque.com\/es\/wp-json\/wp\/v2\/pages\/3049\/revisions\/3796"}],"wp:attachment":[{"href":"https:\/\/www.ahortadesanroque.com\/es\/wp-json\/wp\/v2\/media?parent=3049"}],"curies":[{"name":"wp","href":"https:\/\/api.w.org\/{rel}","templated":true}]}}