{"id":36,"date":"2018-12-19T07:56:37","date_gmt":"2018-12-19T07:56:37","guid":{"rendered":"http:\/\/demo.ovathemes.com\/reon\/?page_id=36"},"modified":"2024-08-14T12:00:01","modified_gmt":"2024-08-14T12:00:01","slug":"de-la-huerta","status":"publish","type":"page","link":"https:\/\/www.ahortadesanroque.com\/gl\/de-la-huerta\/","title":{"rendered":"Da Horta"},"content":{"rendered":"<div data-elementor-type=\"wp-post\" data-elementor-id=\"36\" class=\"elementor elementor-36\" data-elementor-post-type=\"page\">\n\t\t\t\t\t\t<section class=\"elementor-section elementor-top-section elementor-element elementor-element-945b880 elementor-section-full_width elementor-section-height-default elementor-section-height-default\" data-id=\"945b880\" data-element_type=\"section\" data-e-type=\"section\">\n\t\t\t\t\t\t<div class=\"elementor-container elementor-column-gap-no\">\n\t\t\t\t\t<div class=\"elementor-column elementor-col-100 elementor-top-column elementor-element elementor-element-46824f1\" data-id=\"46824f1\" data-element_type=\"column\" data-e-type=\"column\">\n\t\t\t<div class=\"elementor-widget-wrap elementor-element-populated\">\n\t\t\t\t\t\t<div class=\"elementor-element elementor-element-355e13c elementor-widget elementor-widget-ova_breadcrumb_menu\" data-id=\"355e13c\" data-element_type=\"widget\" data-e-type=\"widget\" data-widget_type=\"ova_breadcrumb_menu.default\">\n\t\t\t\t<div class=\"elementor-widget-container\">\n\t\t\t\t\t\t\t<section class=\"breadcrumb-our-team breadcrumb-menu-section section-box\" style=\"background-image: url(https:\/\/www.ahortadesanroque.com\/wp-content\/uploads\/2020\/11\/huerta.png)\">\n\t\t\t<div class=\"container\">\n\t\t\t\t<div class=\"breadcrumb-inner\">\n\t\t\t\t\t\t\t\t\t\t<h1>DA HORTA<\/h1>\n\t\t\t\t\t\t\t\t\t\t<div class=\"menu\">\n\t\t\t\t\t\t\t\t\t\t\t\t\t<div class=\"menu-inner\">\n\n\t\t\t\t\t\t\t\t<img decoding=\"async\" src=\"https:\/\/www.ahortadesanroque.com\/wp-content\/uploads\/2020\/11\/ensalada-1.png\" title=\"ensalada (1)\" alt=\"ensalada (1)\" loading=\"lazy\" \/>\n\t\t\t\t\t\t\t\t\t\t\t\t\t\t\t\t\t<h4>ENSALADAS<\/h4>\n\t\t\t\t\t\t\t\t\t\t\t\t\t\t\t\t\n\t\t\t\t\t\t\t<\/div>\n\t\t\t\t\t\t\t\t\t\t\t<\/div>\n\t\t\t\t<\/div>\t\n\t\t\t<\/div>\n\t\t<\/section>\n\t\t\t\t\t<\/div>\n\t\t\t\t<\/div>\n\t\t\t\t\t<\/div>\n\t\t<\/div>\n\t\t\t\t\t<\/div>\n\t\t<\/section>\n\t\t\t\t<section class=\"elementor-section elementor-top-section elementor-element elementor-element-6e488f5 elementor-section-boxed elementor-section-height-default elementor-section-height-default\" data-id=\"6e488f5\" data-element_type=\"section\" data-e-type=\"section\">\n\t\t\t\t\t\t<div class=\"elementor-container elementor-column-gap-default\">\n\t\t\t\t\t<div class=\"elementor-column elementor-col-100 elementor-top-column elementor-element elementor-element-486ece4\" data-id=\"486ece4\" data-element_type=\"column\" data-e-type=\"column\">\n\t\t\t<div class=\"elementor-widget-wrap elementor-element-populated\">\n\t\t\t\t\t\t<div class=\"elementor-element elementor-element-ef46769 elementor-widget elementor-widget-ova_our_menu_heading\" data-id=\"ef46769\" data-element_type=\"widget\" data-e-type=\"widget\" data-widget_type=\"ova_our_menu_heading.default\">\n\t\t\t\t<div class=\"elementor-widget-container\">\n\t\t\t\t\t\n\t\t<div class=\"menu-heading\">\n\t\t\t<div class=\"container\">\n\t\t\t\t<div class=\"row\">\n\t\t\t\t\t<div class=\"heading_ct\">\n\t\t\t\t\t\t<img decoding=\"async\" src=\"https:\/\/www.ahortadesanroque.com\/wp-content\/uploads\/2020\/11\/ensalada.png\" alt=\"ENSALADAS Y REVUELTOS\">\n\t\t\t\t\t\t<h2>ENSALADAS Y REVUELTOS<\/h2>\n\t\t\t\t\t<\/div>\n\t\t\t\t<\/div>\n\t\t\t<\/div>\n\t\t<\/div>\n\t\t\t\t\t<\/div>\n\t\t\t\t<\/div>\n\t\t\t\t<div class=\"elementor-element elementor-element-ce4bbb5 elementor-widget elementor-widget-ova_our_menu_v2\" data-id=\"ce4bbb5\" data-element_type=\"widget\" data-e-type=\"widget\" data-widget_type=\"ova_our_menu_v2.default\">\n\t\t\t\t<div class=\"elementor-widget-container\">\n\t\t\t\t\t\n\t\t<!-- Menu Potato Section -->\n\t\t<section class=\"salad-section\">\n\t\t\t<div class=\"container\">\n\t\t\t\t<div class=\"row\"> \n\t\t\t\t\t<div class=\"owl-carousel owl-theme\" data-options=\"{&quot;total_columns_slide&quot;:2,&quot;items_ipad&quot;:1,&quot;items_mobile&quot;:1,&quot;smartSpeed&quot;:500,&quot;margin&quot;:30,&quot;loop&quot;:false,&quot;autoplay&quot;:false,&quot;autoplayTimeout&quot;:5000,&quot;autoplayHoverPause&quot;:true,&quot;dots&quot;:true,&quot;slideBy&quot;:1}\">\n\t\t\t\t\t\t\t                            <div class=\"item\">\n\t                        \t\n\n\t\t\t\t\t\t\t\t<div class=\"item-content\">\n\t\t\t\t\t\t\t\t\t<div class=\"image\">\n\t\t\t\t\t\t\t\t\t\t<img decoding=\"async\" src=\"https:\/\/www.ahortadesanroque.com\/wp-content\/uploads\/2021\/02\/tomate-a-horta.jpg\" title=\"tomate a horta\" alt=\"Restaurante en Ribadeo A Horta de San Roque - Ensalada de tomates\" loading=\"lazy\" \/>\t\t\t\t\t\t\t\t\t<\/div>\n\t\t\t\t\t\t\t\t\t<div class=\"info salad-info\">\n\t\t\t\t\t\t\t\t\t\t<h5>Tomate A Horta<\/h5>\n\t\t\t\t\t\t\t\t\t\t<p>Ensalada de tomates da horta<\/p>\n\t\t\t\t\t\t\t\t\t\t<span><\/span>\n\t\t\t\t\t\t\t\t\t<\/div>\n\t\t\t\t\t\t\t\t<\/div>\n\t\t\t\t\t\t\t\n\t\t\t\t\t\t\t\n\t\t\t\t\t\t\t\n\n\t\t\t\t\t\t\t\t<div class=\"item-content\">\n\t\t\t\t\t\t\t\t\t<div class=\"image\">\n\t\t\t\t\t\t\t\t\t\t<img decoding=\"async\" src=\"https:\/\/www.ahortadesanroque.com\/wp-content\/uploads\/2021\/02\/ensalada-san-roque2-scaled.jpg\" title=\"ensalada san roque2\" alt=\"Restaurante en Ribadeo A Horta de San Roque - Ensalada San Roque\" loading=\"lazy\" \/>\t\t\t\t\t\t\t\t\t<\/div>\n\t\t\t\t\t\t\t\t\t<div class=\"info salad-info\">\n\t\t\t\t\t\t\t\t\t\t<h5>Ensalada San Roque<\/h5>\n\t\t\t\t\t\t\t\t\t\t<p>Ensalada de tomates da horta<\/p>\n\t\t\t\t\t\t\t\t\t\t<span><\/span>\n\t\t\t\t\t\t\t\t\t<\/div>\n\t\t\t\t\t\t\t\t<\/div>\n\t\t\t\t\t\t\t\n\t\t\t\t\t\t\t\n\t\t\t\t\t\t\t\n\n\t\t\t\t\t\t\t\t<div class=\"item-content\">\n\t\t\t\t\t\t\t\t\t<div class=\"image\">\n\t\t\t\t\t\t\t\t\t\t<img decoding=\"async\" src=\"https:\/\/www.ahortadesanroque.com\/wp-content\/uploads\/2020\/11\/ensalada-varias1.jpg\" title=\"ensalada-varias1\" alt=\"ensalada-varias1\" loading=\"lazy\" \/>\t\t\t\t\t\t\t\t\t<\/div>\n\t\t\t\t\t\t\t\t\t<div class=\"info salad-info\">\n\t\t\t\t\t\t\t\t\t\t<h5>Ensalada Mixta<\/h5>\n\t\t\t\t\t\t\t\t\t\t<p>Receita t\u00edpica da nosa gastronom\u00eda<\/p>\n\t\t\t\t\t\t\t\t\t\t<span><\/span>\n\t\t\t\t\t\t\t\t\t<\/div>\n\t\t\t\t\t\t\t\t<\/div>\n\t\t\t\t\t\t\t\n\t\t\t\t\t\t\t\n\t\t\t\t\t\t\t\n\n\t\t\t\t\t\t\t\t<div class=\"item-content\">\n\t\t\t\t\t\t\t\t\t<div class=\"image\">\n\t\t\t\t\t\t\t\t\t\t<img decoding=\"async\" src=\"https:\/\/www.ahortadesanroque.com\/wp-content\/uploads\/2021\/02\/ensalada-verde.jpg\" title=\"ensalada verde\" alt=\"Restaurante en Ribadeo A Horta de San Roque - Ensalada\" loading=\"lazy\" \/>\t\t\t\t\t\t\t\t\t<\/div>\n\t\t\t\t\t\t\t\t\t<div class=\"info salad-info\">\n\t\t\t\t\t\t\t\t\t\t<h5>Ensalada Verde<\/h5>\n\t\t\t\t\t\t\t\t\t\t<p>A ensalada verde \u00e9 unha ensalada b\u00e1sica, saud\u00e1bel e fresca<\/p>\n\t\t\t\t\t\t\t\t\t\t<span><\/span>\n\t\t\t\t\t\t\t\t\t<\/div>\n\t\t\t\t\t\t\t\t<\/div>\n\t\t\t\t\t\t\t\n\t\t\t\t\t\t\t       \n\t                         \t<\/div>                       \t\n\t                        \n\t\t\t\t\t\t\t                            <div class=\"item\">\n\t                        \t\n\n\t\t\t\t\t\t\t\t<div class=\"item-content\">\n\t\t\t\t\t\t\t\t\t<div class=\"image\">\n\t\t\t\t\t\t\t\t\t\t<img decoding=\"async\" src=\"https:\/\/www.ahortadesanroque.com\/wp-content\/uploads\/2021\/02\/ensalada-queso-cabra-tomate-y-cecina.jpg\" title=\"ensalada queso cabra, tomate y cecina\" alt=\"Restaurante en Ribadeo A Horta de San Roque - Ensalada de queso de cabra, cecina y tomate\" loading=\"lazy\" \/>\t\t\t\t\t\t\t\t\t<\/div>\n\t\t\t\t\t\t\t\t\t<div class=\"info salad-info\">\n\t\t\t\t\t\t\t\t\t\t<h5>Ensalada de Queixo de cabra, cecina e tomate<\/h5>\n\t\t\t\t\t\t\t\t\t\t<p>Receita deliciosa de cecina de Le\u00f3n e queixo rulo de cabra<\/p>\n\t\t\t\t\t\t\t\t\t\t<span><\/span>\n\t\t\t\t\t\t\t\t\t<\/div>\n\t\t\t\t\t\t\t\t<\/div>\n\t\t\t\t\t\t\t\n\t\t\t\t\t\t\t\n\t\t\t\t\t\t\t\n\n\t\t\t\t\t\t\t\t<div class=\"item-content\">\n\t\t\t\t\t\t\t\t\t<div class=\"image\">\n\t\t\t\t\t\t\t\t\t\t<img decoding=\"async\" src=\"https:\/\/www.ahortadesanroque.com\/wp-content\/uploads\/2021\/02\/salteado-de-verduras-con-crujiente-de-queixo.jpg\" title=\"Salteado de verduras con crujiente de queixo\" alt=\"Restaurante en Ribadeo A Horta de San Roque - Salteado de verduras con crujiente de queso\" loading=\"lazy\" \/>\t\t\t\t\t\t\t\t\t<\/div>\n\t\t\t\t\t\t\t\t\t<div class=\"info salad-info\">\n\t\t\t\t\t\t\t\t\t\t<h5>Salteado de verduras con crocante de queixo<\/h5>\n\t\t\t\t\t\t\t\t\t\t<p>Verduras \u00e1 sart\u00e9n acompa\u00f1adas de queixo crocante<\/p>\n\t\t\t\t\t\t\t\t\t\t<span><\/span>\n\t\t\t\t\t\t\t\t\t<\/div>\n\t\t\t\t\t\t\t\t<\/div>\n\t\t\t\t\t\t\t\n\t\t\t\t\t\t\t\n\t\t\t\t\t\t\t\n\n\t\t\t\t\t\t\t\t<div class=\"item-content\">\n\t\t\t\t\t\t\t\t\t<div class=\"image\">\n\t\t\t\t\t\t\t\t\t\t<img decoding=\"async\" src=\"https:\/\/www.ahortadesanroque.com\/wp-content\/uploads\/2020\/11\/revuelto_verduras_gambas.jpg\" title=\"revuelto_verduras_gambas\" alt=\"Restautante en Ribadeo A Horta de San Roque - Revuelto de gambas\" loading=\"lazy\" \/>\t\t\t\t\t\t\t\t\t<\/div>\n\t\t\t\t\t\t\t\t\t<div class=\"info salad-info\">\n\t\t\t\t\t\t\t\t\t\t<h5>Revolto de verduras con gambas<\/h5>\n\t\t\t\t\t\t\t\t\t\t<p>Un  prato lixeiro coa mellor verdura da horta espa\u00f1ola, aderezado con gambas<\/p>\n\t\t\t\t\t\t\t\t\t\t<span><\/span>\n\t\t\t\t\t\t\t\t\t<\/div>\n\t\t\t\t\t\t\t\t<\/div>\n\t\t\t\t\t\t\t\n\t\t\t\t\t\t\t\n\t\t\t\t\t\t\t\t\t\t\t<\/div>\n\t\t\t\t<\/div>\n\t\t\t<\/div>\n\t\t<\/section>\n\t\t<!-- End Menu Potato Section -->\n\n\n\t\t\t\t\t<\/div>\n\t\t\t\t<\/div>\n\t\t\t\t\t<\/div>\n\t\t<\/div>\n\t\t\t\t\t<\/div>\n\t\t<\/section>\n\t\t\t\t<\/div>","protected":false},"excerpt":{"rendered":"<p>DE LA HUERTA ENSALADAS DE LA HUERTA Tomate A Horta Ensalada de tomates de la huerta Ensalada San Roque Ensalada de tomates de la huerta Ensalada Mixta Receta t\u00edpica de nuestra gastronom\u00eda Ensalada Verde La ensalada verde es una ensalada b\u00e1sica, saludable y fresca Ensalada de queso de cabra, cecina y tomate Receta deliciosa con [&hellip;]<\/p>\n","protected":false},"author":1,"featured_media":0,"parent":0,"menu_order":0,"comment_status":"closed","ping_status":"closed","template":"elementor_header_footer","meta":{"footnotes":""},"class_list":["post-36","page","type-page","status-publish","hentry"],"yoast_head":"<!-- This site is optimized with the Yoast SEO plugin v27.4 - https:\/\/yoast.com\/product\/yoast-seo-wordpress\/ -->\n<title>A Horta de San Roque | Carta | Ensaladas, Revueltos y Salteados<\/title>\n<meta name=\"description\" content=\"Utilizamos los mejores productos de la huerta para crear platos llenos de color y sabor. Saborea la autenticidad de los sabores locales en cada bocado.\" \/>\n<meta name=\"robots\" content=\"index, follow, max-snippet:-1, max-image-preview:large, max-video-preview:-1\" \/>\n<link rel=\"canonical\" href=\"https:\/\/www.ahortadesanroque.com\/gl\/de-la-huerta\/\" \/>\n<meta property=\"og:locale\" content=\"gl_ES\" \/>\n<meta property=\"og:type\" content=\"article\" \/>\n<meta property=\"og:title\" content=\"A Horta de San Roque | Carta | Ensaladas, Revueltos y Salteados\" \/>\n<meta property=\"og:description\" content=\"Utilizamos los mejores productos de la huerta para crear platos llenos de color y sabor. Saborea la autenticidad de los sabores locales en cada bocado.\" \/>\n<meta property=\"og:url\" content=\"https:\/\/www.ahortadesanroque.com\/gl\/de-la-huerta\/\" \/>\n<meta property=\"og:site_name\" content=\"A Horta de San Roque\" \/>\n<meta property=\"article:modified_time\" content=\"2024-08-14T12:00:01+00:00\" \/>\n<meta property=\"og:image\" content=\"https:\/\/www.ahortadesanroque.com\/wp-content\/uploads\/2021\/02\/salteado-de-verduras-con-crujiente-de-queixo.jpg\" \/>\n\t<meta property=\"og:image:width\" content=\"966\" \/>\n\t<meta property=\"og:image:height\" content=\"720\" \/>\n\t<meta property=\"og:image:type\" content=\"image\/jpeg\" \/>\n<meta name=\"twitter:card\" content=\"summary_large_image\" \/>\n<meta name=\"twitter:title\" content=\"A Horta de San Roque | Carta | Ensaladas, Revueltos y Salteados\" \/>\n<meta name=\"twitter:description\" content=\"Utilizamos los mejores productos de la huerta para crear platos llenos de color y sabor. Saborea la autenticidad de los sabores locales en cada bocado.\" \/>\n<meta name=\"twitter:image\" content=\"https:\/\/www.ahortadesanroque.com\/wp-content\/uploads\/2021\/02\/salteado-de-verduras-con-crujiente-de-queixo.jpg\" \/>\n<meta name=\"twitter:label1\" content=\"Tempo de lectura\" \/>\n\t<meta name=\"twitter:data1\" content=\"3 minutos\" \/>\n<script type=\"application\/ld+json\" class=\"yoast-schema-graph\">{\"@context\":\"https:\\\/\\\/schema.org\",\"@graph\":[{\"@type\":\"WebPage\",\"@id\":\"https:\\\/\\\/www.ahortadesanroque.com\\\/de-la-huerta\\\/\",\"url\":\"https:\\\/\\\/www.ahortadesanroque.com\\\/de-la-huerta\\\/\",\"name\":\"A Horta de San Roque | Carta | Ensaladas, Revueltos y Salteados\",\"isPartOf\":{\"@id\":\"https:\\\/\\\/www.ahortadesanroque.com\\\/es\\\/#website\"},\"primaryImageOfPage\":{\"@id\":\"https:\\\/\\\/www.ahortadesanroque.com\\\/de-la-huerta\\\/#primaryimage\"},\"image\":{\"@id\":\"https:\\\/\\\/www.ahortadesanroque.com\\\/de-la-huerta\\\/#primaryimage\"},\"thumbnailUrl\":\"https:\\\/\\\/www.ahortadesanroque.com\\\/wp-content\\\/uploads\\\/2020\\\/11\\\/ensalada-1.png\",\"datePublished\":\"2018-12-19T07:56:37+00:00\",\"dateModified\":\"2024-08-14T12:00:01+00:00\",\"description\":\"Utilizamos los mejores productos de la huerta para crear platos llenos de color y sabor. Saborea la autenticidad de los sabores locales en cada bocado.\",\"breadcrumb\":{\"@id\":\"https:\\\/\\\/www.ahortadesanroque.com\\\/de-la-huerta\\\/#breadcrumb\"},\"inLanguage\":\"gl-ES\",\"potentialAction\":[{\"@type\":\"ReadAction\",\"target\":[\"https:\\\/\\\/www.ahortadesanroque.com\\\/de-la-huerta\\\/\"]}]},{\"@type\":\"ImageObject\",\"inLanguage\":\"gl-ES\",\"@id\":\"https:\\\/\\\/www.ahortadesanroque.com\\\/de-la-huerta\\\/#primaryimage\",\"url\":\"https:\\\/\\\/www.ahortadesanroque.com\\\/wp-content\\\/uploads\\\/2020\\\/11\\\/ensalada-1.png\",\"contentUrl\":\"https:\\\/\\\/www.ahortadesanroque.com\\\/wp-content\\\/uploads\\\/2020\\\/11\\\/ensalada-1.png\"},{\"@type\":\"BreadcrumbList\",\"@id\":\"https:\\\/\\\/www.ahortadesanroque.com\\\/de-la-huerta\\\/#breadcrumb\",\"itemListElement\":[{\"@type\":\"ListItem\",\"position\":1,\"name\":\"Portada\",\"item\":\"https:\\\/\\\/www.ahortadesanroque.com\\\/\"},{\"@type\":\"ListItem\",\"position\":2,\"name\":\"De La Huerta\"}]},{\"@type\":\"WebSite\",\"@id\":\"https:\\\/\\\/www.ahortadesanroque.com\\\/es\\\/#website\",\"url\":\"https:\\\/\\\/www.ahortadesanroque.com\\\/es\\\/\",\"name\":\"A Horta de San Roque\",\"description\":\"\",\"potentialAction\":[{\"@type\":\"SearchAction\",\"target\":{\"@type\":\"EntryPoint\",\"urlTemplate\":\"https:\\\/\\\/www.ahortadesanroque.com\\\/es\\\/?s={search_term_string}\"},\"query-input\":{\"@type\":\"PropertyValueSpecification\",\"valueRequired\":true,\"valueName\":\"search_term_string\"}}],\"inLanguage\":\"gl-ES\"}]}<\/script>\n<!-- \/ Yoast SEO plugin. -->","yoast_head_json":{"title":"A Horta de San Roque | Carta | Ensaladas, Revueltos y Salteados","description":"Utilizamos los mejores productos de la huerta para crear platos llenos de color y sabor. Saborea la autenticidad de los sabores locales en cada bocado.","robots":{"index":"index","follow":"follow","max-snippet":"max-snippet:-1","max-image-preview":"max-image-preview:large","max-video-preview":"max-video-preview:-1"},"canonical":"https:\/\/www.ahortadesanroque.com\/gl\/de-la-huerta\/","og_locale":"gl_ES","og_type":"article","og_title":"A Horta de San Roque | Carta | Ensaladas, Revueltos y Salteados","og_description":"Utilizamos los mejores productos de la huerta para crear platos llenos de color y sabor. Saborea la autenticidad de los sabores locales en cada bocado.","og_url":"https:\/\/www.ahortadesanroque.com\/gl\/de-la-huerta\/","og_site_name":"A Horta de San Roque","article_modified_time":"2024-08-14T12:00:01+00:00","og_image":[{"width":966,"height":720,"url":"https:\/\/www.ahortadesanroque.com\/wp-content\/uploads\/2021\/02\/salteado-de-verduras-con-crujiente-de-queixo.jpg","type":"image\/jpeg"}],"twitter_card":"summary_large_image","twitter_title":"A Horta de San Roque | Carta | Ensaladas, Revueltos y Salteados","twitter_description":"Utilizamos los mejores productos de la huerta para crear platos llenos de color y sabor. Saborea la autenticidad de los sabores locales en cada bocado.","twitter_image":"https:\/\/www.ahortadesanroque.com\/wp-content\/uploads\/2021\/02\/salteado-de-verduras-con-crujiente-de-queixo.jpg","twitter_misc":{"Tempo de lectura":"3 minutos"},"schema":{"@context":"https:\/\/schema.org","@graph":[{"@type":"WebPage","@id":"https:\/\/www.ahortadesanroque.com\/de-la-huerta\/","url":"https:\/\/www.ahortadesanroque.com\/de-la-huerta\/","name":"A Horta de San Roque | Carta | Ensaladas, Revueltos y Salteados","isPartOf":{"@id":"https:\/\/www.ahortadesanroque.com\/es\/#website"},"primaryImageOfPage":{"@id":"https:\/\/www.ahortadesanroque.com\/de-la-huerta\/#primaryimage"},"image":{"@id":"https:\/\/www.ahortadesanroque.com\/de-la-huerta\/#primaryimage"},"thumbnailUrl":"https:\/\/www.ahortadesanroque.com\/wp-content\/uploads\/2020\/11\/ensalada-1.png","datePublished":"2018-12-19T07:56:37+00:00","dateModified":"2024-08-14T12:00:01+00:00","description":"Utilizamos los mejores productos de la huerta para crear platos llenos de color y sabor. Saborea la autenticidad de los sabores locales en cada bocado.","breadcrumb":{"@id":"https:\/\/www.ahortadesanroque.com\/de-la-huerta\/#breadcrumb"},"inLanguage":"gl-ES","potentialAction":[{"@type":"ReadAction","target":["https:\/\/www.ahortadesanroque.com\/de-la-huerta\/"]}]},{"@type":"ImageObject","inLanguage":"gl-ES","@id":"https:\/\/www.ahortadesanroque.com\/de-la-huerta\/#primaryimage","url":"https:\/\/www.ahortadesanroque.com\/wp-content\/uploads\/2020\/11\/ensalada-1.png","contentUrl":"https:\/\/www.ahortadesanroque.com\/wp-content\/uploads\/2020\/11\/ensalada-1.png"},{"@type":"BreadcrumbList","@id":"https:\/\/www.ahortadesanroque.com\/de-la-huerta\/#breadcrumb","itemListElement":[{"@type":"ListItem","position":1,"name":"Portada","item":"https:\/\/www.ahortadesanroque.com\/"},{"@type":"ListItem","position":2,"name":"De La Huerta"}]},{"@type":"WebSite","@id":"https:\/\/www.ahortadesanroque.com\/es\/#website","url":"https:\/\/www.ahortadesanroque.com\/es\/","name":"A Horta de San Roque","description":"","potentialAction":[{"@type":"SearchAction","target":{"@type":"EntryPoint","urlTemplate":"https:\/\/www.ahortadesanroque.com\/es\/?s={search_term_string}"},"query-input":{"@type":"PropertyValueSpecification","valueRequired":true,"valueName":"search_term_string"}}],"inLanguage":"gl-ES"}]}},"jetpack_sharing_enabled":true,"_links":{"self":[{"href":"https:\/\/www.ahortadesanroque.com\/gl\/wp-json\/wp\/v2\/pages\/36","targetHints":{"allow":["GET"]}}],"collection":[{"href":"https:\/\/www.ahortadesanroque.com\/gl\/wp-json\/wp\/v2\/pages"}],"about":[{"href":"https:\/\/www.ahortadesanroque.com\/gl\/wp-json\/wp\/v2\/types\/page"}],"author":[{"embeddable":true,"href":"https:\/\/www.ahortadesanroque.com\/gl\/wp-json\/wp\/v2\/users\/1"}],"replies":[{"embeddable":true,"href":"https:\/\/www.ahortadesanroque.com\/gl\/wp-json\/wp\/v2\/comments?post=36"}],"version-history":[{"count":41,"href":"https:\/\/www.ahortadesanroque.com\/gl\/wp-json\/wp\/v2\/pages\/36\/revisions"}],"predecessor-version":[{"id":3807,"href":"https:\/\/www.ahortadesanroque.com\/gl\/wp-json\/wp\/v2\/pages\/36\/revisions\/3807"}],"wp:attachment":[{"href":"https:\/\/www.ahortadesanroque.com\/gl\/wp-json\/wp\/v2\/media?parent=36"}],"curies":[{"name":"wp","href":"https:\/\/api.w.org\/{rel}","templated":true}]}}